{"id":1077,"date":"2025-01-06T06:35:12","date_gmt":"2025-01-06T04:35:12","guid":{"rendered":"https:\/\/discodigimedia.com\/meista\/our-story\/"},"modified":"2025-11-07T07:16:27","modified_gmt":"2025-11-07T05:16:27","slug":"tarinamme","status":"publish","type":"page","link":"https:\/\/polarlightstours.fi\/fi\/meista\/tarinamme\/","title":{"rendered":"Tarinamme"},"content":{"rendered":"<p>[et_pb_section fb_built=&#8221;1&#8243; admin_label=&#8221;Header&#8221; _builder_version=&#8221;4.25.2&#8243; _module_preset=&#8221;default&#8221; background_color=&#8221;RGBA(255,255,255,0)&#8221; background_image=&#8221;https:\/\/discodigimedia.com\/wp-content\/uploads\/2025\/01\/Polar-lights-tours-ja-Original-Lapland-ratsastusretkella-28.jpg&#8221; background_enable_video_mp4=&#8221;off&#8221; width=&#8221;100%&#8221; width_tablet=&#8221;100%&#8221; width_phone=&#8221;100%&#8221; width_last_edited=&#8221;on|phone&#8221; max_width_tablet=&#8221;&#8221; max_width_phone=&#8221;100%&#8221; max_width_last_edited=&#8221;on|phone&#8221; height=&#8221;700px&#8221; height_tablet=&#8221;500px&#8221; height_phone=&#8221;450px&#8221; height_last_edited=&#8221;on|phone&#8221; custom_padding=&#8221;5vw||5vw||true|false&#8221; background_last_edited=&#8221;on|tablet&#8221; saved_tabs=&#8221;all&#8221; collapsed=&#8221;off&#8221; global_colors_info=&#8221;{}&#8221;][et_pb_row _builder_version=&#8221;4.27.4&#8243; _module_preset=&#8221;default&#8221; width=&#8221;50%&#8221; width_tablet=&#8221;80%&#8221; width_phone=&#8221;80%&#8221; width_last_edited=&#8221;on|desktop&#8221; max_width=&#8221;none&#8221; custom_margin=&#8221;||||false|false&#8221; hover_enabled=&#8221;0&#8243; global_colors_info=&#8221;{}&#8221; custom_padding=&#8221;250px||150px||false|false&#8221; custom_padding_last_edited=&#8221;on|phone&#8221; sticky_enabled=&#8221;0&#8243; custom_padding_phone=&#8221;150px||||false|false&#8221; custom_padding_tablet=&#8221;250px||150px||false|false&#8221;][et_pb_column type=&#8221;4_4&#8243; _builder_version=&#8221;4.24.3&#8243; _module_preset=&#8221;default&#8221; global_colors_info=&#8221;{}&#8221;][et_pb_heading title=&#8221;Tarinamme&#8221; _builder_version=&#8221;4.25.2&#8243; _module_preset=&#8221;_initial&#8221; title_font=&#8221;PT Serif|700|||||||&#8221; title_text_align=&#8221;center&#8221; title_text_color=&#8221;#FFFFFF&#8221; title_font_size=&#8221;4vw&#8221; title_line_height=&#8221;1.2em&#8221; custom_margin=&#8221;||10px||false|false&#8221; title_font_size_tablet=&#8221;46px&#8221; title_font_size_phone=&#8221;47px&#8221; title_font_size_last_edited=&#8221;on|phone&#8221; text_shadow_style=&#8221;preset5&#8243; text_shadow_horizontal_length=&#8221;0.03em&#8221; text_shadow_vertical_length=&#8221;0.03em&#8221; text_shadow_blur_strength=&#8221;0.01em&#8221; global_colors_info=&#8221;{}&#8221;][\/et_pb_heading][\/et_pb_column][\/et_pb_row][\/et_pb_section][et_pb_section fb_built=&#8221;1&#8243; admin_label=&#8221;About&#8221; _builder_version=&#8221;4.25.2&#8243; _module_preset=&#8221;default&#8221; background_color=&#8221;#efeded&#8221; custom_padding=&#8221;||0px||false|false&#8221; collapsed=&#8221;on&#8221; global_colors_info=&#8221;{}&#8221;][et_pb_row _builder_version=&#8221;4.25.2&#8243; _module_preset=&#8221;default&#8221; custom_margin=&#8221;0px||0px||false|false&#8221; custom_padding=&#8221;0px||0px||false|false&#8221; global_colors_info=&#8221;{}&#8221;][et_pb_column type=&#8221;4_4&#8243; _builder_version=&#8221;4.25.2&#8243; _module_preset=&#8221;default&#8221; global_colors_info=&#8221;{}&#8221;][et_pb_heading title=&#8221;P\u00e4ivin tarina: unohtumattomien el\u00e4inel\u00e4mysten rakentaminen Lapissa&#8221; _builder_version=&#8221;4.25.2&#8243; _module_preset=&#8221;default&#8221; title_font=&#8221;PT Serif|700|||||||&#8221; title_text_align=&#8221;center&#8221; title_font_size=&#8221;37px&#8221; title_line_height=&#8221;1.3em&#8221; title_font_size_tablet=&#8221;37px&#8221; title_font_size_phone=&#8221;32px&#8221; title_font_size_last_edited=&#8221;on|phone&#8221; global_colors_info=&#8221;{}&#8221;][\/et_pb_heading][\/et_pb_column][\/et_pb_row][et_pb_row _builder_version=&#8221;4.25.2&#8243; _module_preset=&#8221;default&#8221; custom_margin=&#8221;0px||||false|false&#8221; global_colors_info=&#8221;{}&#8221;][et_pb_column type=&#8221;4_4&#8243; _builder_version=&#8221;4.25.2&#8243; _module_preset=&#8221;default&#8221; global_colors_info=&#8221;{}&#8221;][et_pb_text _builder_version=&#8221;4.25.2&#8243; _module_preset=&#8221;default&#8221; text_font=&#8221;PT Serif||||||||&#8221; text_text_color=&#8221;#000000&#8243; text_font_size=&#8221;23px&#8221; text_line_height=&#8221;1.5em&#8221; text_orientation=&#8221;center&#8221; text_font_size_tablet=&#8221;23px&#8221; text_font_size_phone=&#8221;20px&#8221; text_font_size_last_edited=&#8221;on|desktop&#8221; global_colors_info=&#8221;{}&#8221;]<\/p>\n<p>P\u00e4ivi on viett\u00e4nyt koko el\u00e4m\u00e4ns\u00e4 el\u00e4inten parissa ja l\u00f6ysi jo nuorena intohimonsa hevosiin ja el\u00e4imiin. Ensimm\u00e4isest\u00e4 hevosestaan, Lento Pojusta, aina oman yrityksen perustamiseen asti, h\u00e4nen matkansa on ollut t\u00e4ynn\u00e4 unohtumattomia el\u00e4myksi\u00e4 ja rakkautta el\u00e4imi\u00e4 kohtaan. Lue, miten P\u00e4ivin unelma on kasvanut pienimuotoisesta toiminnasta menestyv\u00e4ksi yritykseksi Lapin syd\u00e4mess\u00e4.<\/p>\n<p>[\/et_pb_text][\/et_pb_column][\/et_pb_row][\/et_pb_section][et_pb_section fb_built=&#8221;1&#8243; admin_label=&#8221;Menu&#8221; _builder_version=&#8221;4.24.3&#8243; _module_preset=&#8221;default&#8221; custom_padding=&#8221;|7px||||&#8221; collapsed=&#8221;on&#8221; global_colors_info=&#8221;{}&#8221;][et_pb_row column_structure=&#8221;1_2,1_2&#8243; use_custom_gutter=&#8221;on&#8221; gutter_width=&#8221;1&#8243; make_equal=&#8221;on&#8221; _builder_version=&#8221;4.27.4&#8243; _module_preset=&#8221;default&#8221; background_size=&#8221;initial&#8221; max_width=&#8221;100%&#8221; module_alignment=&#8221;center&#8221; min_height=&#8221;360px&#8221; min_height_tablet=&#8221;360px&#8221; min_height_phone=&#8221;360px&#8221; min_height_last_edited=&#8221;on|phone&#8221; custom_margin=&#8221;0px|0px|0px|0px|false|false&#8221; custom_padding=&#8221;0px|0px|0px|0px|false|false&#8221; custom_css_main_element=&#8221;display: flex;||flex-wrap: wrap;&#8221; global_colors_info=&#8221;{}&#8221;][et_pb_column type=&#8221;1_2&#8243; _builder_version=&#8221;4.27.4&#8243; _module_preset=&#8221;default&#8221; background_enable_image=&#8221;off&#8221; custom_css_main_element=&#8221;order: 1;&#8221; global_colors_info=&#8221;{}&#8221;][et_pb_image src=&#8221;https:\/\/polarlightstours.fi\/wp-content\/uploads\/2025\/01\/Polar-lights-tours-ja-Original-Lapland-ratsastusretkella-25-2.jpg&#8221; title_text=&#8221;Polar lights tours ja Original Lapland ratsastusretkella\u0308 &#8211; 25-2&#8243; _builder_version=&#8221;4.27.4&#8243; _module_preset=&#8221;default&#8221; global_colors_info=&#8221;{}&#8221;][\/et_pb_image][\/et_pb_column][et_pb_column type=&#8221;1_2&#8243; _builder_version=&#8221;4.25.2&#8243; _module_preset=&#8221;default&#8221; custom_css_main_element=&#8221;order: 2;&#8221; global_colors_info=&#8221;{}&#8221;][et_pb_heading title=&#8221;P\u00e4ivin unelma&#8221; _builder_version=&#8221;4.25.2&#8243; _module_preset=&#8221;default&#8221; title_text_align=&#8221;center&#8221; module_alignment=&#8221;center&#8221; custom_padding=&#8221;2vw||1px||false|false&#8221; global_colors_info=&#8221;{}&#8221;][\/et_pb_heading][et_pb_text _builder_version=&#8221;4.25.2&#8243; _module_preset=&#8221;default&#8221; text_font_size=&#8221;19px&#8221; text_line_height=&#8221;1.6em&#8221; text_orientation=&#8221;center&#8221; module_alignment=&#8221;center&#8221; custom_padding=&#8221;1vw|2vw|1vw|2vw|false|false&#8221; global_colors_info=&#8221;{}&#8221;]<\/p>\n<p style=\"text-align: center;\">P\u00e4ivi on el\u00e4inten yst\u00e4v\u00e4, joka on viett\u00e4nyt koko el\u00e4m\u00e4ns\u00e4 el\u00e4inten parissa. H\u00e4n aloitti ratsastuksen nelj\u00e4vuotiaana ja sai ensimm\u00e4isen hevosensa, Lento Pojun. Yksi unohtumattomista kokemuksista oli maastovaellus yst\u00e4v\u00e4n kanssa, jossa y\u00f6 vietettiin leiriss\u00e4 hevosten seurassa. Aamulla her\u00e4tess\u00e4\u00e4n P\u00e4ivi oivalsi, ett\u00e4 el\u00e4imet ja hevoset olisivat h\u00e4nen el\u00e4m\u00e4ns\u00e4 keski\u00f6ss\u00e4, ja h\u00e4n halusi jakaa t\u00e4m\u00e4n intohimonsa my\u00f6s muiden kanssa.<\/p>\n<p>[\/et_pb_text][\/et_pb_column][\/et_pb_row][et_pb_row column_structure=&#8221;1_2,1_2&#8243; use_custom_gutter=&#8221;on&#8221; gutter_width=&#8221;1&#8243; make_equal=&#8221;on&#8221; _builder_version=&#8221;4.27.4&#8243; _module_preset=&#8221;default&#8221; background_size=&#8221;initial&#8221; max_width=&#8221;100%&#8221; module_alignment=&#8221;center&#8221; min_height=&#8221;360px&#8221; custom_margin=&#8221;0px|0px|0px|0px|false|false&#8221; custom_padding=&#8221;0px|0px|0px|0px|false|false&#8221; custom_css_main_element=&#8221;display: flex;||flex-wrap: wrap;&#8221; global_colors_info=&#8221;{}&#8221;][et_pb_column type=&#8221;1_2&#8243; _builder_version=&#8221;4.25.2&#8243; _module_preset=&#8221;default&#8221; custom_css_main_element=&#8221;order: 2;&#8221; global_colors_info=&#8221;{}&#8221;][et_pb_heading title=&#8221;Lento Pojusta menestyv\u00e4ksi matkailuyritykseksi&#8221; _builder_version=&#8221;4.25.2&#8243; _module_preset=&#8221;default&#8221; title_text_align=&#8221;center&#8221; module_alignment=&#8221;center&#8221; custom_padding=&#8221;2vw||1px||false|false&#8221; global_colors_info=&#8221;{}&#8221;][\/et_pb_heading][et_pb_text _builder_version=&#8221;4.25.2&#8243; _module_preset=&#8221;default&#8221; text_font_size=&#8221;19px&#8221; text_line_height=&#8221;1.6em&#8221; text_orientation=&#8221;center&#8221; module_alignment=&#8221;center&#8221; custom_padding=&#8221;1vw|2vw|1vw|2vw|false|false&#8221; global_colors_info=&#8221;{}&#8221;]<\/p>\n<p style=\"text-align: center;\">Vuonna 2008 P\u00e4ivi perusti perheens\u00e4 kanssa yrityksen Posiolle, jossa tarjottiin aluksi ratsastusvaelluksia ja huskysafareita. Toiminta laajeni, ja vuonna 2013 yritys siirtyi Leville. Vuonna 2016 he ostivat mets\u00e4tilan, joka mahdollisti el\u00e4inm\u00e4\u00e4r\u00e4n kasvattamisen ja toiminnan vakiinnuttamisen. Vuonna 2017 P\u00e4ivi toi mukaan my\u00f6s porot, laajentaen tarjontaa entisest\u00e4\u00e4n.<\/p>\n<p>[\/et_pb_text][\/et_pb_column][et_pb_column type=&#8221;1_2&#8243; _builder_version=&#8221;4.27.4&#8243; _module_preset=&#8221;default&#8221; background_enable_image=&#8221;off&#8221; custom_css_main_element=&#8221;order: 1;&#8221; global_colors_info=&#8221;{}&#8221;][et_pb_image src=&#8221;https:\/\/polarlightstours.fi\/wp-content\/uploads\/2025\/01\/Polar-lights-tours-ja-Original-Lapland-ratsastusretkella-22-2.jpg&#8221; title_text=&#8221;Polar lights tours ja Original Lapland ratsastusretkella\u0308 &#8211; 22-2&#8243; _builder_version=&#8221;4.27.4&#8243; _module_preset=&#8221;default&#8221; global_colors_info=&#8221;{}&#8221;][\/et_pb_image][\/et_pb_column][\/et_pb_row][et_pb_row column_structure=&#8221;1_2,1_2&#8243; use_custom_gutter=&#8221;on&#8221; gutter_width=&#8221;1&#8243; make_equal=&#8221;on&#8221; _builder_version=&#8221;4.25.2&#8243; _module_preset=&#8221;default&#8221; background_size=&#8221;initial&#8221; max_width=&#8221;100%&#8221; module_alignment=&#8221;center&#8221; min_height=&#8221;100%&#8221; custom_margin=&#8221;0px|0px|0px|0px|false|false&#8221; custom_padding=&#8221;0px|0px|0px|0px|false|false&#8221; global_colors_info=&#8221;{}&#8221;][et_pb_column type=&#8221;1_2&#8243; _builder_version=&#8221;4.25.2&#8243; _module_preset=&#8221;default&#8221; global_colors_info=&#8221;{}&#8221;][et_pb_image src=&#8221;https:\/\/polarlightstours.fi\/wp-content\/uploads\/2025\/01\/0351-20230207-Polar-Lights-Tours-Winter-2023-GFX50R-GFXS0077-RAW.jpg&#8221; title_text=&#8221;0351 20230207 Polar Lights Tours Winter 2023 GFX50R GFXS0077 RAW&#8221; _builder_version=&#8221;4.27.4&#8243; _module_preset=&#8221;default&#8221; global_colors_info=&#8221;{}&#8221;][\/et_pb_image][\/et_pb_column][et_pb_column type=&#8221;1_2&#8243; _builder_version=&#8221;4.25.2&#8243; _module_preset=&#8221;default&#8221; global_colors_info=&#8221;{}&#8221;][et_pb_heading title=&#8221;Sitoutuminen kest\u00e4v\u00e4\u00e4n matkailuun &#8221; _builder_version=&#8221;4.25.2&#8243; _module_preset=&#8221;default&#8221; title_text_align=&#8221;center&#8221; module_alignment=&#8221;center&#8221; custom_padding=&#8221;2vw||1px||false|false&#8221; global_colors_info=&#8221;{}&#8221;][\/et_pb_heading][et_pb_text _builder_version=&#8221;4.25.2&#8243; _module_preset=&#8221;default&#8221; text_font_size=&#8221;19px&#8221; text_line_height=&#8221;1.6em&#8221; text_orientation=&#8221;center&#8221; module_alignment=&#8221;center&#8221; custom_padding=&#8221;1vw|2vw|1vw|2vw|false|false&#8221; global_colors_info=&#8221;{}&#8221;]<\/p>\n<p style=\"text-align: center;\">P\u00e4ivi on sitoutunut tarjoamaan asiakkailleen unohtumattomia el\u00e4myksi\u00e4 el\u00e4inten kanssa samalla huolehtien niiden hyvinvoinnista. Vuoteen 2024 menness\u00e4 yritys on kasvanut ja kehittynyt merkitt\u00e4v\u00e4sti, ja P\u00e4ivi jatkaa intohimolla ty\u00f6t\u00e4\u00e4n el\u00e4inten ja asiakkaidensa hyv\u00e4ksi.<\/p>\n<p>[\/et_pb_text][\/et_pb_column][\/et_pb_row][\/et_pb_section]<\/p>\n","protected":false},"excerpt":{"rendered":"<p>P\u00e4ivi on viett\u00e4nyt koko el\u00e4m\u00e4ns\u00e4 el\u00e4inten parissa ja l\u00f6ysi jo nuorena intohimonsa hevosiin ja el\u00e4imiin. Ensimm\u00e4isest\u00e4 hevosestaan, Lento Pojusta, aina oman yrityksen perustamiseen asti, h\u00e4nen matkansa on ollut t\u00e4ynn\u00e4 unohtumattomia el\u00e4myksi\u00e4 ja rakkautta el\u00e4imi\u00e4 kohtaan. Lue, miten P\u00e4ivin unelma on kasvanut pienimuotoisesta toiminnasta menestyv\u00e4ksi yritykseksi Lapin syd\u00e4mess\u00e4.P\u00e4ivi on el\u00e4inten yst\u00e4v\u00e4, joka on viett\u00e4nyt koko el\u00e4m\u00e4ns\u00e4 el\u00e4inten parissa. H\u00e4n aloitti ratsastuksen nelj\u00e4vuotiaana ja sai ensimm\u00e4isen hevosensa, Lento Pojun. Yksi unohtumattomista kokemuksista oli maastovaellus yst\u00e4v\u00e4n kanssa, jossa y\u00f6 vietettiin leiriss\u00e4 hevosten seurassa. Aamulla her\u00e4tess\u00e4\u00e4n P\u00e4ivi oivalsi, ett\u00e4 el\u00e4imet ja hevoset olisivat h\u00e4nen el\u00e4m\u00e4ns\u00e4 keski\u00f6ss\u00e4, ja h\u00e4n halusi jakaa t\u00e4m\u00e4n intohimonsa my\u00f6s muiden kanssa.Vuonna 2008 P\u00e4ivi perusti perheens\u00e4 kanssa yrityksen Posiolle, jossa tarjottiin aluksi ratsastusvaelluksia ja huskysafareita. Toiminta laajeni, ja vuonna 2013 yritys siirtyi Leville. Vuonna 2016 he ostivat mets\u00e4tilan, joka mahdollisti el\u00e4inm\u00e4\u00e4r\u00e4n kasvattamisen ja toiminnan vakiinnuttamisen. Vuonna 2017 P\u00e4ivi toi mukaan my\u00f6s porot, laajentaen tarjontaa entisest\u00e4\u00e4n.P\u00e4ivi on sitoutunut tarjoamaan asiakkailleen unohtumattomia el\u00e4myksi\u00e4 el\u00e4inten kanssa samalla huolehtien niiden hyvinvoinnista. Vuoteen 2024 menness\u00e4 yritys on kasvanut ja kehittynyt merkitt\u00e4v\u00e4sti, ja P\u00e4ivi jatkaa intohimolla ty\u00f6t\u00e4\u00e4n el\u00e4inten ja asiakkaidensa hyv\u00e4ksi.<\/p>\n","protected":false},"author":1,"featured_media":0,"parent":1013,"menu_order":0,"comment_status":"closed","ping_status":"closed","template":"","meta":{"_et_pb_use_builder":"on","_et_pb_old_content":"","_et_gb_content_width":"","footnotes":""},"class_list":["post-1077","page","type-page","status-publish","hentry"],"yoast_head":"<!-- This site is optimized with the Yoast SEO plugin v27.3 - https:\/\/yoast.com\/product\/yoast-seo-wordpress\/ -->\n<title>Tarinamme - Polar Lights Tours<\/title>\n<meta name=\"robots\" content=\"index, follow, max-snippet:-1, max-image-preview:large, max-video-preview:-1\" \/>\n<link rel=\"canonical\" href=\"https:\/\/polarlightstours.fi\/fi\/meista\/tarinamme\/\" \/>\n<meta property=\"og:locale\" content=\"fi_FI\" \/>\n<meta property=\"og:type\" content=\"article\" \/>\n<meta property=\"og:title\" content=\"Tarinamme - Polar Lights Tours\" \/>\n<meta property=\"og:description\" content=\"P\u00e4ivi on viett\u00e4nyt koko el\u00e4m\u00e4ns\u00e4 el\u00e4inten parissa ja l\u00f6ysi jo nuorena intohimonsa hevosiin ja el\u00e4imiin. Ensimm\u00e4isest\u00e4 hevosestaan, Lento Pojusta, aina oman yrityksen perustamiseen asti, h\u00e4nen matkansa on ollut t\u00e4ynn\u00e4 unohtumattomia el\u00e4myksi\u00e4 ja rakkautta el\u00e4imi\u00e4 kohtaan. Lue, miten P\u00e4ivin unelma on kasvanut pienimuotoisesta toiminnasta menestyv\u00e4ksi yritykseksi Lapin syd\u00e4mess\u00e4.P\u00e4ivi on el\u00e4inten yst\u00e4v\u00e4, joka on viett\u00e4nyt koko el\u00e4m\u00e4ns\u00e4 el\u00e4inten parissa. H\u00e4n aloitti ratsastuksen nelj\u00e4vuotiaana ja sai ensimm\u00e4isen hevosensa, Lento Pojun. Yksi unohtumattomista kokemuksista oli maastovaellus yst\u00e4v\u00e4n kanssa, jossa y\u00f6 vietettiin leiriss\u00e4 hevosten seurassa. Aamulla her\u00e4tess\u00e4\u00e4n P\u00e4ivi oivalsi, ett\u00e4 el\u00e4imet ja hevoset olisivat h\u00e4nen el\u00e4m\u00e4ns\u00e4 keski\u00f6ss\u00e4, ja h\u00e4n halusi jakaa t\u00e4m\u00e4n intohimonsa my\u00f6s muiden kanssa.Vuonna 2008 P\u00e4ivi perusti perheens\u00e4 kanssa yrityksen Posiolle, jossa tarjottiin aluksi ratsastusvaelluksia ja huskysafareita. Toiminta laajeni, ja vuonna 2013 yritys siirtyi Leville. Vuonna 2016 he ostivat mets\u00e4tilan, joka mahdollisti el\u00e4inm\u00e4\u00e4r\u00e4n kasvattamisen ja toiminnan vakiinnuttamisen. Vuonna 2017 P\u00e4ivi toi mukaan my\u00f6s porot, laajentaen tarjontaa entisest\u00e4\u00e4n.P\u00e4ivi on sitoutunut tarjoamaan asiakkailleen unohtumattomia el\u00e4myksi\u00e4 el\u00e4inten kanssa samalla huolehtien niiden hyvinvoinnista. Vuoteen 2024 menness\u00e4 yritys on kasvanut ja kehittynyt merkitt\u00e4v\u00e4sti, ja P\u00e4ivi jatkaa intohimolla ty\u00f6t\u00e4\u00e4n el\u00e4inten ja asiakkaidensa hyv\u00e4ksi.\" \/>\n<meta property=\"og:url\" content=\"https:\/\/polarlightstours.fi\/fi\/meista\/tarinamme\/\" \/>\n<meta property=\"og:site_name\" content=\"Polar Lights Tours\" \/>\n<meta property=\"article:publisher\" content=\"https:\/\/www.facebook.com\/polarlightstours\/\" \/>\n<meta property=\"article:modified_time\" content=\"2025-11-07T05:16:27+00:00\" \/>\n<meta property=\"og:image\" content=\"https:\/\/polarlightstours.fi\/wp-content\/uploads\/2024\/09\/logo-final.png\" \/>\n\t<meta property=\"og:image:width\" content=\"319\" \/>\n\t<meta property=\"og:image:height\" content=\"200\" \/>\n\t<meta property=\"og:image:type\" content=\"image\/png\" \/>\n<meta name=\"twitter:card\" content=\"summary_large_image\" \/>\n<meta name=\"twitter:label1\" content=\"Est. reading time\" \/>\n\t<meta name=\"twitter:data1\" content=\"3 minutes\" \/>\n<script type=\"application\/ld+json\" class=\"yoast-schema-graph\">{\"@context\":\"https:\\\/\\\/schema.org\",\"@graph\":[{\"@type\":\"WebPage\",\"@id\":\"https:\\\/\\\/polarlightstours.fi\\\/fi\\\/meista\\\/tarinamme\\\/\",\"url\":\"https:\\\/\\\/polarlightstours.fi\\\/fi\\\/meista\\\/tarinamme\\\/\",\"name\":\"Tarinamme - Polar Lights Tours\",\"isPartOf\":{\"@id\":\"https:\\\/\\\/polarlightstours.fi\\\/#website\"},\"datePublished\":\"2025-01-06T04:35:12+00:00\",\"dateModified\":\"2025-11-07T05:16:27+00:00\",\"breadcrumb\":{\"@id\":\"https:\\\/\\\/polarlightstours.fi\\\/fi\\\/meista\\\/tarinamme\\\/#breadcrumb\"},\"inLanguage\":\"fi\",\"potentialAction\":[{\"@type\":\"ReadAction\",\"target\":[\"https:\\\/\\\/polarlightstours.fi\\\/fi\\\/meista\\\/tarinamme\\\/\"]}]},{\"@type\":\"BreadcrumbList\",\"@id\":\"https:\\\/\\\/polarlightstours.fi\\\/fi\\\/meista\\\/tarinamme\\\/#breadcrumb\",\"itemListElement\":[{\"@type\":\"ListItem\",\"position\":1,\"name\":\"Home\",\"item\":\"https:\\\/\\\/polarlightstours.fi\\\/fi\\\/\"},{\"@type\":\"ListItem\",\"position\":2,\"name\":\"Meist\u00e4\",\"item\":\"https:\\\/\\\/polarlightstours.fi\\\/fi\\\/meista\\\/\"},{\"@type\":\"ListItem\",\"position\":3,\"name\":\"Tarinamme\"}]},{\"@type\":\"WebSite\",\"@id\":\"https:\\\/\\\/polarlightstours.fi\\\/#website\",\"url\":\"https:\\\/\\\/polarlightstours.fi\\\/\",\"name\":\"Polar Lights Tours\",\"description\":\"Experience\u00a0Finnish Lapland\u00a0wilderness with\u00a0huskies, reindeers\u00a0&amp;\u00a0horses\",\"publisher\":{\"@id\":\"https:\\\/\\\/polarlightstours.fi\\\/#organization\"},\"potentialAction\":[{\"@type\":\"SearchAction\",\"target\":{\"@type\":\"EntryPoint\",\"urlTemplate\":\"https:\\\/\\\/polarlightstours.fi\\\/?s={search_term_string}\"},\"query-input\":{\"@type\":\"PropertyValueSpecification\",\"valueRequired\":true,\"valueName\":\"search_term_string\"}}],\"inLanguage\":\"fi\"},{\"@type\":\"Organization\",\"@id\":\"https:\\\/\\\/polarlightstours.fi\\\/#organization\",\"name\":\"Polar Lights Tours\",\"url\":\"https:\\\/\\\/polarlightstours.fi\\\/\",\"logo\":{\"@type\":\"ImageObject\",\"inLanguage\":\"fi\",\"@id\":\"https:\\\/\\\/polarlightstours.fi\\\/#\\\/schema\\\/logo\\\/image\\\/\",\"url\":\"https:\\\/\\\/polarlightstours.fi\\\/wp-content\\\/uploads\\\/2024\\\/09\\\/logo-final.png\",\"contentUrl\":\"https:\\\/\\\/polarlightstours.fi\\\/wp-content\\\/uploads\\\/2024\\\/09\\\/logo-final.png\",\"width\":319,\"height\":200,\"caption\":\"Polar Lights Tours\"},\"image\":{\"@id\":\"https:\\\/\\\/polarlightstours.fi\\\/#\\\/schema\\\/logo\\\/image\\\/\"},\"sameAs\":[\"https:\\\/\\\/www.facebook.com\\\/polarlightstours\\\/\",\"https:\\\/\\\/www.instagram.com\\\/polarlightstours\\\/\"]}]}<\/script>\n<!-- \/ Yoast SEO plugin. -->","yoast_head_json":{"title":"Tarinamme - Polar Lights Tours","robots":{"index":"index","follow":"follow","max-snippet":"max-snippet:-1","max-image-preview":"max-image-preview:large","max-video-preview":"max-video-preview:-1"},"canonical":"https:\/\/polarlightstours.fi\/fi\/meista\/tarinamme\/","og_locale":"fi_FI","og_type":"article","og_title":"Tarinamme - Polar Lights Tours","og_description":"P\u00e4ivi on viett\u00e4nyt koko el\u00e4m\u00e4ns\u00e4 el\u00e4inten parissa ja l\u00f6ysi jo nuorena intohimonsa hevosiin ja el\u00e4imiin. Ensimm\u00e4isest\u00e4 hevosestaan, Lento Pojusta, aina oman yrityksen perustamiseen asti, h\u00e4nen matkansa on ollut t\u00e4ynn\u00e4 unohtumattomia el\u00e4myksi\u00e4 ja rakkautta el\u00e4imi\u00e4 kohtaan. Lue, miten P\u00e4ivin unelma on kasvanut pienimuotoisesta toiminnasta menestyv\u00e4ksi yritykseksi Lapin syd\u00e4mess\u00e4.P\u00e4ivi on el\u00e4inten yst\u00e4v\u00e4, joka on viett\u00e4nyt koko el\u00e4m\u00e4ns\u00e4 el\u00e4inten parissa. H\u00e4n aloitti ratsastuksen nelj\u00e4vuotiaana ja sai ensimm\u00e4isen hevosensa, Lento Pojun. Yksi unohtumattomista kokemuksista oli maastovaellus yst\u00e4v\u00e4n kanssa, jossa y\u00f6 vietettiin leiriss\u00e4 hevosten seurassa. Aamulla her\u00e4tess\u00e4\u00e4n P\u00e4ivi oivalsi, ett\u00e4 el\u00e4imet ja hevoset olisivat h\u00e4nen el\u00e4m\u00e4ns\u00e4 keski\u00f6ss\u00e4, ja h\u00e4n halusi jakaa t\u00e4m\u00e4n intohimonsa my\u00f6s muiden kanssa.Vuonna 2008 P\u00e4ivi perusti perheens\u00e4 kanssa yrityksen Posiolle, jossa tarjottiin aluksi ratsastusvaelluksia ja huskysafareita. Toiminta laajeni, ja vuonna 2013 yritys siirtyi Leville. Vuonna 2016 he ostivat mets\u00e4tilan, joka mahdollisti el\u00e4inm\u00e4\u00e4r\u00e4n kasvattamisen ja toiminnan vakiinnuttamisen. Vuonna 2017 P\u00e4ivi toi mukaan my\u00f6s porot, laajentaen tarjontaa entisest\u00e4\u00e4n.P\u00e4ivi on sitoutunut tarjoamaan asiakkailleen unohtumattomia el\u00e4myksi\u00e4 el\u00e4inten kanssa samalla huolehtien niiden hyvinvoinnista. Vuoteen 2024 menness\u00e4 yritys on kasvanut ja kehittynyt merkitt\u00e4v\u00e4sti, ja P\u00e4ivi jatkaa intohimolla ty\u00f6t\u00e4\u00e4n el\u00e4inten ja asiakkaidensa hyv\u00e4ksi.","og_url":"https:\/\/polarlightstours.fi\/fi\/meista\/tarinamme\/","og_site_name":"Polar Lights Tours","article_publisher":"https:\/\/www.facebook.com\/polarlightstours\/","article_modified_time":"2025-11-07T05:16:27+00:00","og_image":[{"width":319,"height":200,"url":"https:\/\/polarlightstours.fi\/wp-content\/uploads\/2024\/09\/logo-final.png","type":"image\/png"}],"twitter_card":"summary_large_image","twitter_misc":{"Est. reading time":"3 minutes"},"schema":{"@context":"https:\/\/schema.org","@graph":[{"@type":"WebPage","@id":"https:\/\/polarlightstours.fi\/fi\/meista\/tarinamme\/","url":"https:\/\/polarlightstours.fi\/fi\/meista\/tarinamme\/","name":"Tarinamme - Polar Lights Tours","isPartOf":{"@id":"https:\/\/polarlightstours.fi\/#website"},"datePublished":"2025-01-06T04:35:12+00:00","dateModified":"2025-11-07T05:16:27+00:00","breadcrumb":{"@id":"https:\/\/polarlightstours.fi\/fi\/meista\/tarinamme\/#breadcrumb"},"inLanguage":"fi","potentialAction":[{"@type":"ReadAction","target":["https:\/\/polarlightstours.fi\/fi\/meista\/tarinamme\/"]}]},{"@type":"BreadcrumbList","@id":"https:\/\/polarlightstours.fi\/fi\/meista\/tarinamme\/#breadcrumb","itemListElement":[{"@type":"ListItem","position":1,"name":"Home","item":"https:\/\/polarlightstours.fi\/fi\/"},{"@type":"ListItem","position":2,"name":"Meist\u00e4","item":"https:\/\/polarlightstours.fi\/fi\/meista\/"},{"@type":"ListItem","position":3,"name":"Tarinamme"}]},{"@type":"WebSite","@id":"https:\/\/polarlightstours.fi\/#website","url":"https:\/\/polarlightstours.fi\/","name":"Polar Lights Tours","description":"Experience\u00a0Finnish Lapland\u00a0wilderness with\u00a0huskies, reindeers\u00a0&amp;\u00a0horses","publisher":{"@id":"https:\/\/polarlightstours.fi\/#organization"},"potentialAction":[{"@type":"SearchAction","target":{"@type":"EntryPoint","urlTemplate":"https:\/\/polarlightstours.fi\/?s={search_term_string}"},"query-input":{"@type":"PropertyValueSpecification","valueRequired":true,"valueName":"search_term_string"}}],"inLanguage":"fi"},{"@type":"Organization","@id":"https:\/\/polarlightstours.fi\/#organization","name":"Polar Lights Tours","url":"https:\/\/polarlightstours.fi\/","logo":{"@type":"ImageObject","inLanguage":"fi","@id":"https:\/\/polarlightstours.fi\/#\/schema\/logo\/image\/","url":"https:\/\/polarlightstours.fi\/wp-content\/uploads\/2024\/09\/logo-final.png","contentUrl":"https:\/\/polarlightstours.fi\/wp-content\/uploads\/2024\/09\/logo-final.png","width":319,"height":200,"caption":"Polar Lights Tours"},"image":{"@id":"https:\/\/polarlightstours.fi\/#\/schema\/logo\/image\/"},"sameAs":["https:\/\/www.facebook.com\/polarlightstours\/","https:\/\/www.instagram.com\/polarlightstours\/"]}]}},"_links":{"self":[{"href":"https:\/\/polarlightstours.fi\/fi\/wp-json\/wp\/v2\/pages\/1077","targetHints":{"allow":["GET"]}}],"collection":[{"href":"https:\/\/polarlightstours.fi\/fi\/wp-json\/wp\/v2\/pages"}],"about":[{"href":"https:\/\/polarlightstours.fi\/fi\/wp-json\/wp\/v2\/types\/page"}],"author":[{"embeddable":true,"href":"https:\/\/polarlightstours.fi\/fi\/wp-json\/wp\/v2\/users\/1"}],"replies":[{"embeddable":true,"href":"https:\/\/polarlightstours.fi\/fi\/wp-json\/wp\/v2\/comments?post=1077"}],"version-history":[{"count":41,"href":"https:\/\/polarlightstours.fi\/fi\/wp-json\/wp\/v2\/pages\/1077\/revisions"}],"predecessor-version":[{"id":5299,"href":"https:\/\/polarlightstours.fi\/fi\/wp-json\/wp\/v2\/pages\/1077\/revisions\/5299"}],"up":[{"embeddable":true,"href":"https:\/\/polarlightstours.fi\/fi\/wp-json\/wp\/v2\/pages\/1013"}],"wp:attachment":[{"href":"https:\/\/polarlightstours.fi\/fi\/wp-json\/wp\/v2\/media?parent=1077"}],"curies":[{"name":"wp","href":"https:\/\/api.w.org\/{rel}","templated":true}]}}